{"id":12,"date":"2020-07-21T13:51:51","date_gmt":"2020-07-21T13:51:51","guid":{"rendered":"https:\/\/thurgau.kinder-und-jugendfoerderung-wirkt.ch\/?page_id=12"},"modified":"2025-12-03T14:09:44","modified_gmt":"2025-12-03T14:09:44","slug":"aktuelles","status":"publish","type":"page","link":"https:\/\/kinder-und-jugendfoerderung-wirkt.ch\/thurgau\/aktuelles\/","title":{"rendered":"Aktuelles"},"content":{"rendered":"\n<h1 class=\"wp-block-heading\"><s>Aktuelles<\/s><\/h1>\n\n\n<style>\n\t.kjw-spacer-id-Y10687P3T5 {\n\t\theight: 16px;\n\t}\n\t@media (min-width: 768px) {\n\t\t.kjw-spacer-id-Y10687P3T5 {\n\t\t\theight: px;\n\t\t}\n\t}\n<\/style>\n<div class=\"kjw-spacer-block kjw-spacer-id-Y10687P3T5\"><\/div>\n\n\n\n<p><\/p>\n\n\n\n<div class=\"wp-block-columns is-layout-flex wp-container-core-columns-is-layout-9d6595d7 wp-block-columns-is-layout-flex\">\n<div class=\"wp-block-column is-layout-flow wp-block-column-is-layout-flow\" style=\"flex-basis:100%\">\n<div class=\"wp-block-group\"><div class=\"wp-block-group__inner-container is-layout-flow wp-block-group-is-layout-flow\"><style>\n\t.kjw-spacer-id-41VR2JY5CL {\n\t\theight: px;\n\t}\n\t@media (min-width: 768px) {\n\t\t.kjw-spacer-id-41VR2JY5CL {\n\t\t\theight: px;\n\t\t}\n\t}\n<\/style>\n<div class=\"kjw-spacer-block kjw-spacer-id-41VR2JY5CL\"><\/div>\n\n\n<style>\n\t.kjw-spacer-id-I8PMFOK012 {\n\t\theight: px;\n\t}\n\t@media (min-width: 768px) {\n\t\t.kjw-spacer-id-I8PMFOK012 {\n\t\t\theight: px;\n\t\t}\n\t}\n<\/style>\n<div class=\"kjw-spacer-block kjw-spacer-id-I8PMFOK012\"><\/div>\n\n\n<div class=\"kjw-images-slider-block-wrapper\">\n\t<div class=\"kjw-slider\">\n\n\t\t\t\t\t\t<div class=\"image-holder\">\n\t\t\t<img decoding=\"async\" class=\"image\" src=\"https:\/\/kinder-und-jugendfoerderung-wirkt.ch\/thurgau\/wp-content\/uploads\/sites\/2\/2025\/12\/KJF-Wirkt-an-der-Renovation-Jugendtreff-Bischofszell-1024x768.jpg\" data-src=\"https:\/\/kinder-und-jugendfoerderung-wirkt.ch\/thurgau\/wp-content\/uploads\/sites\/2\/2025\/12\/KJF-Wirkt-an-der-Renovation-Jugendtreff-Bischofszell-scaled.jpg\" alt=\"\">\n\t\t<\/div>\n\t\t\t\t\t\t<div class=\"image-holder\">\n\t\t\t<img decoding=\"async\" class=\"image\" src=\"https:\/\/kinder-und-jugendfoerderung-wirkt.ch\/thurgau\/wp-content\/uploads\/sites\/2\/2024\/12\/KJF-Wirkt-am-Weihnachtsmarkt-Weinfelden-2024-768x1024.jpg\" data-src=\"https:\/\/kinder-und-jugendfoerderung-wirkt.ch\/thurgau\/wp-content\/uploads\/sites\/2\/2024\/12\/KJF-Wirkt-am-Weihnachtsmarkt-Weinfelden-2024-scaled.jpg\" alt=\"\">\n\t\t<\/div>\n\t\t\t\t\t\t<div class=\"image-holder\">\n\t\t\t<img decoding=\"async\" class=\"image\" src=\"https:\/\/kinder-und-jugendfoerderung-wirkt.ch\/thurgau\/wp-content\/uploads\/sites\/2\/2024\/05\/KJF-Wirkt-an-ELBI-EXPO-2024-1024x768.jpg\" data-src=\"https:\/\/kinder-und-jugendfoerderung-wirkt.ch\/thurgau\/wp-content\/uploads\/sites\/2\/2024\/05\/KJF-Wirkt-an-ELBI-EXPO-2024-scaled.jpg\" alt=\"\">\n\t\t<\/div>\n\t\t\t\t\t\t<div class=\"image-holder\">\n\t\t\t<img decoding=\"async\" class=\"image\" src=\"https:\/\/kinder-und-jugendfoerderung-wirkt.ch\/thurgau\/wp-content\/uploads\/sites\/2\/2024\/04\/KJF-Wirkt-Anhaenger-Weinfelden-2024-2-717x1024.jpg\" data-src=\"https:\/\/kinder-und-jugendfoerderung-wirkt.ch\/thurgau\/wp-content\/uploads\/sites\/2\/2024\/04\/KJF-Wirkt-Anhaenger-Weinfelden-2024-2.jpg\" alt=\"\">\n\t\t<\/div>\n\t\t\t\t\t\t<div class=\"image-holder\">\n\t\t\t<img decoding=\"async\" class=\"image\" src=\"https:\/\/kinder-und-jugendfoerderung-wirkt.ch\/thurgau\/wp-content\/uploads\/sites\/2\/2022\/08\/Bild-Kulturenfest-Weinfelden-2022-1024x768.jpg\" data-src=\"https:\/\/kinder-und-jugendfoerderung-wirkt.ch\/thurgau\/wp-content\/uploads\/sites\/2\/2022\/08\/Bild-Kulturenfest-Weinfelden-2022-scaled.jpg\" alt=\"\">\n\t\t<\/div>\n\t\t\t\t\t\t<div class=\"image-holder\">\n\t\t\t<img decoding=\"async\" class=\"image\" src=\"https:\/\/kinder-und-jugendfoerderung-wirkt.ch\/thurgau\/wp-content\/uploads\/sites\/2\/2023\/02\/egnach-1024x768.jpg\" data-src=\"https:\/\/kinder-und-jugendfoerderung-wirkt.ch\/thurgau\/wp-content\/uploads\/sites\/2\/2023\/02\/egnach-scaled.jpg\" alt=\"\">\n\t\t<\/div>\n\t\t\t\t\t\t<div class=\"image-holder\">\n\t\t\t<img decoding=\"async\" class=\"image\" src=\"https:\/\/kinder-und-jugendfoerderung-wirkt.ch\/thurgau\/wp-content\/uploads\/sites\/2\/2022\/06\/ELBI-EXPO-2022-KJF-Wirkt2-1024x768.jpg\" data-src=\"https:\/\/kinder-und-jugendfoerderung-wirkt.ch\/thurgau\/wp-content\/uploads\/sites\/2\/2022\/06\/ELBI-EXPO-2022-KJF-Wirkt2-scaled-e1654581266167.jpg\" alt=\"\">\n\t\t<\/div>\n\t\t\t\t\t\t<div class=\"image-holder\">\n\t\t\t<img decoding=\"async\" class=\"image\" src=\"https:\/\/kinder-und-jugendfoerderung-wirkt.ch\/thurgau\/wp-content\/uploads\/sites\/2\/2022\/06\/ELBI-EXPO-2022-KJF-Wirkt1-scaled-e1654581190330-1024x768.jpg\" data-src=\"https:\/\/kinder-und-jugendfoerderung-wirkt.ch\/thurgau\/wp-content\/uploads\/sites\/2\/2022\/06\/ELBI-EXPO-2022-KJF-Wirkt1-scaled-e1654581190330.jpg\" alt=\"\">\n\t\t<\/div>\n\t\t\t\t\t\t<div class=\"image-holder\">\n\t\t\t<img decoding=\"async\" class=\"image\" src=\"https:\/\/kinder-und-jugendfoerderung-wirkt.ch\/thurgau\/wp-content\/uploads\/sites\/2\/2021\/11\/Stand-Romanshorn-1021-1024x768.jpg\" data-src=\"https:\/\/kinder-und-jugendfoerderung-wirkt.ch\/thurgau\/wp-content\/uploads\/sites\/2\/2021\/11\/Stand-Romanshorn-1021.jpg\" alt=\"\">\n\t\t<\/div>\n\t\t\t\t\t\t<div class=\"image-holder\">\n\t\t\t<img decoding=\"async\" class=\"image\" src=\"https:\/\/kinder-und-jugendfoerderung-wirkt.ch\/thurgau\/wp-content\/uploads\/sites\/2\/2021\/11\/Shirt_Diessenhofen-e1637060002552.png\" data-src=\"https:\/\/kinder-und-jugendfoerderung-wirkt.ch\/thurgau\/wp-content\/uploads\/sites\/2\/2021\/11\/Shirt_Diessenhofen-e1637060002552.png\" alt=\"\">\n\t\t<\/div>\n\t\t\t\t\t\t<div class=\"image-holder\">\n\t\t\t<img decoding=\"async\" class=\"image\" src=\"https:\/\/kinder-und-jugendfoerderung-wirkt.ch\/thurgau\/wp-content\/uploads\/sites\/2\/2021\/11\/Sulgen-scaled-e1636542180880-1024x767.gif\" data-src=\"https:\/\/kinder-und-jugendfoerderung-wirkt.ch\/thurgau\/wp-content\/uploads\/sites\/2\/2021\/11\/Sulgen-scaled-e1636542180880.gif\" alt=\"\">\n\t\t<\/div>\n\t\t\t\t\t\t<div class=\"image-holder\">\n\t\t\t<img decoding=\"async\" class=\"image\" src=\"https:\/\/kinder-und-jugendfoerderung-wirkt.ch\/thurgau\/wp-content\/uploads\/sites\/2\/2021\/11\/Kleber-e1636542140202-1024x768.png\" data-src=\"https:\/\/kinder-und-jugendfoerderung-wirkt.ch\/thurgau\/wp-content\/uploads\/sites\/2\/2021\/11\/Kleber-e1636542140202.png\" alt=\"\">\n\t\t<\/div>\n\t\t\t\t\t\t<div class=\"image-holder\">\n\t\t\t<img decoding=\"async\" class=\"image\" src=\"https:\/\/kinder-und-jugendfoerderung-wirkt.ch\/thurgau\/wp-content\/uploads\/sites\/2\/2021\/11\/Berg-1024x768.jpg\" data-src=\"https:\/\/kinder-und-jugendfoerderung-wirkt.ch\/thurgau\/wp-content\/uploads\/sites\/2\/2021\/11\/Berg-scaled.jpg\" alt=\"\">\n\t\t<\/div>\n\t\t\t\t\t\t<div class=\"image-holder\">\n\t\t\t<img decoding=\"async\" class=\"image\" src=\"https:\/\/kinder-und-jugendfoerderung-wirkt.ch\/thurgau\/wp-content\/uploads\/sites\/2\/2021\/08\/KJF_Wirkt_Sprayer_5-e1636542224263.jpg\" data-src=\"https:\/\/kinder-und-jugendfoerderung-wirkt.ch\/thurgau\/wp-content\/uploads\/sites\/2\/2021\/08\/KJF_Wirkt_Sprayer_5-e1636542224263.jpg\" alt=\"\">\n\t\t<\/div>\n\t\t\t\t\t\t<div class=\"image-holder\">\n\t\t\t<img decoding=\"async\" class=\"image\" src=\"https:\/\/kinder-und-jugendfoerderung-wirkt.ch\/thurgau\/wp-content\/uploads\/sites\/2\/2020\/09\/20200917_112154-scaled-e1636542837610-1024x768.jpg\" data-src=\"https:\/\/kinder-und-jugendfoerderung-wirkt.ch\/thurgau\/wp-content\/uploads\/sites\/2\/2020\/09\/20200917_112154-scaled-e1636542837610.jpg\" alt=\"\">\n\t\t<\/div>\n\t\t\t\t\t\t<div class=\"image-holder\">\n\t\t\t<img decoding=\"async\" class=\"image\" src=\"https:\/\/kinder-und-jugendfoerderung-wirkt.ch\/thurgau\/wp-content\/uploads\/sites\/2\/2024\/04\/KJF-Wirkt-Anhaenger-Weinfelden-2024-1-717x1024.jpg\" data-src=\"https:\/\/kinder-und-jugendfoerderung-wirkt.ch\/thurgau\/wp-content\/uploads\/sites\/2\/2024\/04\/KJF-Wirkt-Anhaenger-Weinfelden-2024-1.jpg\" alt=\"\">\n\t\t<\/div>\n\t\t\n\t<\/div>\n\n\t<button class=\"kjw-slider-toggle\"><\/button>\n\n\t<div class=\"kjw-slider-arrows\">\n\t\t<button class=\"prev\"><\/button>\n\t\t<button class=\"next\"><\/button>\n\t<\/div>\n<\/div>\n<\/div><\/div>\n<\/div>\n<\/div>\n\n\n\n<div class=\"wp-block-group\"><div class=\"wp-block-group__inner-container is-layout-flow wp-block-group-is-layout-flow\">\n<div class=\"wp-block-group\"><div class=\"wp-block-group__inner-container is-layout-flow wp-block-group-is-layout-flow\">\n<p>Bilder der Kampagne in Aktion im Kanton Thurgau<\/p>\n<\/div><\/div>\n<\/div><\/div>\n\n\n\n<div class=\"wp-block-group\"><div class=\"wp-block-group__inner-container is-layout-flow wp-block-group-is-layout-flow\">\n<div class=\"wp-block-group\"><div class=\"wp-block-group__inner-container is-layout-flow wp-block-group-is-layout-flow\">\n<div class=\"wp-block-columns is-layout-flex wp-container-core-columns-is-layout-9d6595d7 wp-block-columns-is-layout-flex\">\n<div class=\"wp-block-column is-layout-flow wp-block-column-is-layout-flow\" style=\"flex-basis:100%\"><\/div>\n<\/div>\n<\/div><\/div>\n\n\n\n<p><\/p>\n<\/div><\/div>\n\n\n<style>\n\t.kjw-spacer-id-6T59NFUSEI {\n\t\theight: 40px;\n\t}\n\t@media (min-width: 768px) {\n\t\t.kjw-spacer-id-6T59NFUSEI {\n\t\t\theight: 80px;\n\t\t}\n\t}\n<\/style>\n<div class=\"kjw-spacer-block kjw-spacer-id-6T59NFUSEI\"><\/div>\n\n\n\n<h2 class=\"wp-block-heading\">MEDIEN &amp; CO.<\/h2>\n\n\n<div class=\"kjw-download-buttons-block-wrapper\">\n\t<div class=\"row\">\n\n\t\t\t\t\t\t<div class=\"download-button-holder col-lg-6 col-xl-auto\">\n\t\t\t<a class=\"download-button\" href=\"https:\/\/kinder-und-jugendfoerderung-wirkt.ch\/thurgau\/wp-content\/uploads\/sites\/2\/2021\/06\/Regionaljournal-Ostschweiz_10-06-2021-0631.1623300351662.mp3\"\n\t\t\t\t\t\t\t\tdownload=\"Regionaljournal-Ostschweiz_10-06-2021-0631.1623300351662.mp3\"\t\t\t>\n\t\t\t\t<svg xmlns=\"http:\/\/www.w3.org\/2000\/svg\" width=\"24\" height=\"24\" fill=\"none\" viewBox=\"0 0 24 24\">\n\t\t\t\t\t<path d=\"M20 12l-1.41-1.41L13 16.17V4h-2v12.17l-5.58-5.59L4 12l8 8 8-8z\"\/>\n\t\t\t\t<\/svg>\n\t\t\t\t<span>SRF Thurgauer Kinder- und Jugendtreffs finden Anklang<\/span>\n\t\t\t<\/a>\n\t\t<\/div>\n\t\t\t\t\t\t<div class=\"download-button-holder col-lg-6 col-xl-auto\">\n\t\t\t<a class=\"download-button\" href=\"https:\/\/kinder-und-jugendfoerderung-wirkt.ch\/thurgau\/wp-content\/uploads\/sites\/2\/2021\/06\/TZ_10.03.2021_-Jugendtreffs-sind-beliebt.pdf\"\n\t\t\t\t\t\t\t\tdownload=\"TZ_10.03.2021_-Jugendtreffs-sind-beliebt.pdf\"\t\t\t>\n\t\t\t\t<svg xmlns=\"http:\/\/www.w3.org\/2000\/svg\" width=\"24\" height=\"24\" fill=\"none\" viewBox=\"0 0 24 24\">\n\t\t\t\t\t<path d=\"M20 12l-1.41-1.41L13 16.17V4h-2v12.17l-5.58-5.59L4 12l8 8 8-8z\"\/>\n\t\t\t\t<\/svg>\n\t\t\t\t<span>Bericht TZ Jugendtreffs sind beliebt<\/span>\n\t\t\t<\/a>\n\t\t<\/div>\n\t\t\t\t\t\t<div class=\"download-button-holder col-lg-6 col-xl-auto\">\n\t\t\t<a class=\"download-button\" href=\"https:\/\/kjf.tg.ch\/public\/upload\/assets\/114865\/Bericht%20Radio%20Top%2009.06.2021%20ab%202min%2030sek.mp3\"\n\t\t\t\ttarget=\"_blank\"\t\t\t\t\t\t\t>\n\t\t\t\t<svg xmlns=\"http:\/\/www.w3.org\/2000\/svg\" width=\"24\" height=\"24\" fill=\"none\" viewBox=\"0 0 24 24\">\n\t\t\t\t\t<path d=\"M20 12l-1.41-1.41L13 16.17V4h-2v12.17l-5.58-5.59L4 12l8 8 8-8z\"\/>\n\t\t\t\t<\/svg>\n\t\t\t\t<span>OKJA im Radio Top<\/span>\n\t\t\t<\/a>\n\t\t<\/div>\n\t\t\t\t\t\t<div class=\"download-button-holder col-lg-6 col-xl-auto\">\n\t\t\t<a class=\"download-button\" href=\"https:\/\/kinder-und-jugendfoerderung-wirkt.ch\/thurgau\/wp-content\/uploads\/sites\/2\/2021\/06\/KJF_Kinder-_und_Jugendtreffs.pdf\"\n\t\t\t\t\t\t\t\tdownload=\"KJF_Kinder-_und_Jugendtreffs.pdf\"\t\t\t>\n\t\t\t\t<svg xmlns=\"http:\/\/www.w3.org\/2000\/svg\" width=\"24\" height=\"24\" fill=\"none\" viewBox=\"0 0 24 24\">\n\t\t\t\t\t<path d=\"M20 12l-1.41-1.41L13 16.17V4h-2v12.17l-5.58-5.59L4 12l8 8 8-8z\"\/>\n\t\t\t\t<\/svg>\n\t\t\t\t<span>Medienmitteilung Bericht Offene Kinder- und Jugendarbeit<\/span>\n\t\t\t<\/a>\n\t\t<\/div>\n\t\t\t\t\t\t<div class=\"download-button-holder col-lg-6 col-xl-auto\">\n\t\t\t<a class=\"download-button\" href=\"https:\/\/kjf.tg.ch\/public\/upload\/assets\/114803\/Bericht%20Offene%20Kinder-%20und%20Jugendarbeit%20im%20Kanton%20Thurgau%202021.pdf\"\n\t\t\t\ttarget=\"_blank\"\t\t\t\t\t\t\t>\n\t\t\t\t<svg xmlns=\"http:\/\/www.w3.org\/2000\/svg\" width=\"24\" height=\"24\" fill=\"none\" viewBox=\"0 0 24 24\">\n\t\t\t\t\t<path d=\"M20 12l-1.41-1.41L13 16.17V4h-2v12.17l-5.58-5.59L4 12l8 8 8-8z\"\/>\n\t\t\t\t<\/svg>\n\t\t\t\t<span>Bericht Offene Kinder- und Jugendarbeit im Kanton Thurgau<\/span>\n\t\t\t<\/a>\n\t\t<\/div>\n\t\t\t\t\t\t<div class=\"download-button-holder col-lg-6 col-xl-auto\">\n\t\t\t<a class=\"download-button\" href=\"https:\/\/srf.ch\/play\/tv\/redirect\/detail\/23a35b9e-ff9b-42cb-a1c8-41e163a4e0c2\"\n\t\t\t\ttarget=\"_blank\"\t\t\t\t\t\t\t>\n\t\t\t\t<svg xmlns=\"http:\/\/www.w3.org\/2000\/svg\" width=\"24\" height=\"24\" fill=\"none\" viewBox=\"0 0 24 24\">\n\t\t\t\t\t<path d=\"M20 12l-1.41-1.41L13 16.17V4h-2v12.17l-5.58-5.59L4 12l8 8 8-8z\"\/>\n\t\t\t\t<\/svg>\n\t\t\t\t<span>SRF im JugendWerk Weinfelden<\/span>\n\t\t\t<\/a>\n\t\t<\/div>\n\t\t\t\t\t\t<div class=\"download-button-holder col-lg-6 col-xl-auto\">\n\t\t\t<a class=\"download-button\" href=\"https:\/\/kinder-und-jugendfoerderung-wirkt.ch\/thurgau\/wp-content\/uploads\/sites\/2\/2020\/11\/Medienmitteilung-Kampagne-Kinder-und-Jugendfoerderung-wirkt.pdf\"\n\t\t\t\t\t\t\t\tdownload=\"Medienmitteilung-Kampagne-Kinder-und-Jugendfoerderung-wirkt.pdf\"\t\t\t>\n\t\t\t\t<svg xmlns=\"http:\/\/www.w3.org\/2000\/svg\" width=\"24\" height=\"24\" fill=\"none\" viewBox=\"0 0 24 24\">\n\t\t\t\t\t<path d=\"M20 12l-1.41-1.41L13 16.17V4h-2v12.17l-5.58-5.59L4 12l8 8 8-8z\"\/>\n\t\t\t\t<\/svg>\n\t\t\t\t<span>Medienmitteilung Kampagne Kinder- und Jugendfoerderung wirkt<\/span>\n\t\t\t<\/a>\n\t\t<\/div>\n\t\t\t\t\t\t<div class=\"download-button-holder col-lg-6 col-xl-auto\">\n\t\t\t<a class=\"download-button\" href=\"https:\/\/kinder-und-jugendfoerderung-wirkt.ch\/thurgau\/wp-content\/uploads\/sites\/2\/2020\/11\/Gesamtausgabe_Thurgauer_Zeitung_2020-11-24-Kinderrechte-Romanshorn.pdf\"\n\t\t\t\t\t\t\t\tdownload=\"Gesamtausgabe_Thurgauer_Zeitung_2020-11-24-Kinderrechte-Romanshorn.pdf\"\t\t\t>\n\t\t\t\t<svg xmlns=\"http:\/\/www.w3.org\/2000\/svg\" width=\"24\" height=\"24\" fill=\"none\" viewBox=\"0 0 24 24\">\n\t\t\t\t\t<path d=\"M20 12l-1.41-1.41L13 16.17V4h-2v12.17l-5.58-5.59L4 12l8 8 8-8z\"\/>\n\t\t\t\t<\/svg>\n\t\t\t\t<span>Kinderrechte und Kinder- und Jugendf\u00f6rderung wirkt! in Romanshorn.pdf<\/span>\n\t\t\t<\/a>\n\t\t<\/div>\n\t\t\n\t<\/div>\n<\/div>\n\n\n\n<p>Ist die Kampagne Kinder- und Jugendf\u00f6rderung wirkt! oder Aktivit\u00e4ten rund um die Kampagne in den Medien erschienen? Haben Sie Bilder von einem Anlass? Gerne platzieren&nbsp;<a href=\"https:\/\/kinder-und-jugendfoerderung-wirkt.ch\/thurgau\/kontakt\/\" target=\"_blank\" rel=\"noreferrer noopener\">wir<\/a> entsprechende Informationen (Bilder, Zeitungsartikel, Videos, \u2026) in dieser Rubrik.<\/p>\n\n\n<div class=\"row partners partners-auto-size\">\n\t\t\t\t\t\t\t\t\t<div class=\"col-md-3 partner-col\">\n\n\t\t\t<a href='http:\/\/www.nokjat.ch' target='_blank'>\n\t\t\t<img decoding=\"async\" class=\"logo\" alt=\"\" src=\"https:\/\/kinder-und-jugendfoerderung-wirkt.ch\/thurgau\/wp-content\/uploads\/sites\/2\/2022\/07\/Logo_Nokjat_2022-e1656685235818.png\" \/>\n\n\t\t\t<\/a>\n\t\t\t<\/div>\n\n\t\t\t\t\t\t\t\t<div class=\"col-md-3 partner-col\">\n\n\t\t\t<a href='http:\/\/tarjv.ch' target='_blank'>\n\t\t\t<img decoding=\"async\" class=\"logo\" alt=\"\" src=\"https:\/\/kinder-und-jugendfoerderung-wirkt.ch\/thurgau\/wp-content\/uploads\/sites\/2\/2020\/07\/Tarjv_Logo.png\" \/>\n\n\t\t\t<\/a>\n\t\t\t<\/div>\n\n\t\t\t\t\t\t\t\t<div class=\"col-md-3 partner-col\">\n\n\t\t\t<a href='http:\/\/kjf.tg.ch' target='_blank'>\n\t\t\t<img decoding=\"async\" class=\"logo\" alt=\"\" src=\"https:\/\/kinder-und-jugendfoerderung-wirkt.ch\/thurgau\/wp-content\/uploads\/sites\/2\/2020\/07\/Thurgau-logo.png\" \/>\n\n\t\t\t<\/a>\n\t\t\t<\/div>\n\n\t\t\t\t\t\t\t\t<div class=\"col-md-3 partner-col\">\n\n\t\t\t<a href='https:\/\/sportamt.tg.ch\/news.html\/1851\/news\/55322' target='_blank'>\n\t\t\t<img decoding=\"async\" class=\"logo\" alt=\"\" src=\"https:\/\/kinder-und-jugendfoerderung-wirkt.ch\/thurgau\/wp-content\/uploads\/sites\/2\/2021\/12\/Logo_Sportamt_KtTG_1f-e1638891629784.jpg\" \/>\n\n\t\t\t<\/a>\n\t\t\t<\/div>\n\n\t\t\t<\/div>\n\n\n\n<p><\/p>\n","protected":false},"excerpt":{"rendered":"<p>Aktuelles Bilder der Kampagne in Aktion im Kanton Thurgau MEDIEN &amp; CO. Ist die Kampagne Kinder- und Jugendf\u00f6rderung wirkt! oder Aktivit\u00e4ten rund um die Kampagne in den Medien erschienen? Haben Sie Bilder von einem Anlass? Gerne platzieren&nbsp;wir entsprechende Informationen (Bilder, Zeitungsartikel, Videos, \u2026) in dieser Rubrik.<\/p>\n","protected":false},"author":1,"featured_media":0,"parent":0,"menu_order":0,"comment_status":"closed","ping_status":"closed","template":"","meta":{"_acf_changed":false,"footnotes":""},"class_list":["post-12","page","type-page","status-publish","hentry"],"acf":[],"yoast_head":"<!-- This site is optimized with the Yoast SEO plugin v25.2 - https:\/\/yoast.com\/wordpress\/plugins\/seo\/ -->\n<title>Aktuelles - Thurgau - Kinder und Jugendf\u00f6rderung wirkt<\/title>\n<meta name=\"description\" content=\"Medienberichte und Neugikeiten. Was l\u00e4uft rund um die Kampagne Kinder- und Jugendf\u00f6rderung wirkt! im Kanton Thurgau?\" \/>\n<meta name=\"robots\" content=\"index, follow, max-snippet:-1, max-image-preview:large, max-video-preview:-1\" \/>\n<link rel=\"canonical\" href=\"https:\/\/kinder-und-jugendfoerderung-wirkt.ch\/thurgau\/aktuelles\/\" \/>\n<meta property=\"og:locale\" content=\"de_DE\" \/>\n<meta property=\"og:type\" content=\"article\" \/>\n<meta property=\"og:title\" content=\"News\" \/>\n<meta property=\"og:description\" content=\"Medienberichte und Neugikeiten. Was l\u00e4uft rund um die Kampagne Kinder- und Jugendf\u00f6rderung wirkt! im Kanton Thurgau?\" \/>\n<meta property=\"og:url\" content=\"https:\/\/kinder-und-jugendfoerderung-wirkt.ch\/thurgau\/aktuelles\/\" \/>\n<meta property=\"og:site_name\" content=\"Thurgau - Kinder und Jugendf\u00f6rderung wirkt\" \/>\n<meta property=\"article:modified_time\" content=\"2025-12-03T14:09:44+00:00\" \/>\n<meta property=\"og:image\" content=\"https:\/\/kinder-und-jugendfoerderung-wirkt.ch\/thurgau\/wp-content\/uploads\/sites\/2\/2020\/08\/Signet_pantone_362-e1597396876175.png\" \/>\n\t<meta property=\"og:image:width\" content=\"300\" \/>\n\t<meta property=\"og:image:height\" content=\"253\" \/>\n\t<meta property=\"og:image:type\" content=\"image\/png\" \/>\n<meta name=\"twitter:card\" content=\"summary_large_image\" \/>\n<meta name=\"twitter:title\" content=\"News\" \/>\n<meta name=\"twitter:description\" content=\"Medienberichte und Neugikeiten. Was l\u00e4uft rund um die Kampagne Kinder- und Jugendf\u00f6rderung wirkt! im Kanton Thurgau?\" \/>\n<meta name=\"twitter:image\" content=\"https:\/\/kinder-und-jugendfoerderung-wirkt.ch\/thurgau\/wp-content\/uploads\/sites\/2\/2020\/08\/Signet_pantone_362-e1597396876175.png\" \/>\n<meta name=\"twitter:label1\" content=\"Gesch\u00e4tzte Lesezeit\" \/>\n\t<meta name=\"twitter:data1\" content=\"1\u00a0Minute\" \/>\n<script type=\"application\/ld+json\" class=\"yoast-schema-graph\">{\"@context\":\"https:\/\/schema.org\",\"@graph\":[{\"@type\":\"WebPage\",\"@id\":\"https:\/\/kinder-und-jugendfoerderung-wirkt.ch\/thurgau\/aktuelles\/\",\"url\":\"https:\/\/kinder-und-jugendfoerderung-wirkt.ch\/thurgau\/aktuelles\/\",\"name\":\"Aktuelles - Thurgau - Kinder und Jugendf\u00f6rderung wirkt\",\"isPartOf\":{\"@id\":\"https:\/\/kinder-und-jugendfoerderung-wirkt.ch\/thurgau\/#website\"},\"datePublished\":\"2020-07-21T13:51:51+00:00\",\"dateModified\":\"2025-12-03T14:09:44+00:00\",\"description\":\"Medienberichte und Neugikeiten. Was l\u00e4uft rund um die Kampagne Kinder- und Jugendf\u00f6rderung wirkt! im Kanton Thurgau?\",\"breadcrumb\":{\"@id\":\"https:\/\/kinder-und-jugendfoerderung-wirkt.ch\/thurgau\/aktuelles\/#breadcrumb\"},\"inLanguage\":\"de-CH\",\"potentialAction\":[{\"@type\":\"ReadAction\",\"target\":[\"https:\/\/kinder-und-jugendfoerderung-wirkt.ch\/thurgau\/aktuelles\/\"]}]},{\"@type\":\"BreadcrumbList\",\"@id\":\"https:\/\/kinder-und-jugendfoerderung-wirkt.ch\/thurgau\/aktuelles\/#breadcrumb\",\"itemListElement\":[{\"@type\":\"ListItem\",\"position\":1,\"name\":\"Startseite\",\"item\":\"https:\/\/kinder-und-jugendfoerderung-wirkt.ch\/thurgau\/\"},{\"@type\":\"ListItem\",\"position\":2,\"name\":\"Aktuelles\"}]},{\"@type\":\"WebSite\",\"@id\":\"https:\/\/kinder-und-jugendfoerderung-wirkt.ch\/thurgau\/#website\",\"url\":\"https:\/\/kinder-und-jugendfoerderung-wirkt.ch\/thurgau\/\",\"name\":\"Thurgau - Kinder und Jugendf\u00f6rderung wirkt\",\"description\":\"Just another Kinder und Jugendf\u00f6rderung wirkt Sites site\",\"potentialAction\":[{\"@type\":\"SearchAction\",\"target\":{\"@type\":\"EntryPoint\",\"urlTemplate\":\"https:\/\/kinder-und-jugendfoerderung-wirkt.ch\/thurgau\/?s={search_term_string}\"},\"query-input\":{\"@type\":\"PropertyValueSpecification\",\"valueRequired\":true,\"valueName\":\"search_term_string\"}}],\"inLanguage\":\"de-CH\"}]}<\/script>\n<!-- \/ Yoast SEO plugin. -->","yoast_head_json":{"title":"Aktuelles - Thurgau - Kinder und Jugendf\u00f6rderung wirkt","description":"Medienberichte und Neugikeiten. Was l\u00e4uft rund um die Kampagne Kinder- und Jugendf\u00f6rderung wirkt! im Kanton Thurgau?","robots":{"index":"index","follow":"follow","max-snippet":"max-snippet:-1","max-image-preview":"max-image-preview:large","max-video-preview":"max-video-preview:-1"},"canonical":"https:\/\/kinder-und-jugendfoerderung-wirkt.ch\/thurgau\/aktuelles\/","og_locale":"de_DE","og_type":"article","og_title":"News","og_description":"Medienberichte und Neugikeiten. Was l\u00e4uft rund um die Kampagne Kinder- und Jugendf\u00f6rderung wirkt! im Kanton Thurgau?","og_url":"https:\/\/kinder-und-jugendfoerderung-wirkt.ch\/thurgau\/aktuelles\/","og_site_name":"Thurgau - Kinder und Jugendf\u00f6rderung wirkt","article_modified_time":"2025-12-03T14:09:44+00:00","og_image":[{"width":300,"height":253,"url":"https:\/\/kinder-und-jugendfoerderung-wirkt.ch\/thurgau\/wp-content\/uploads\/sites\/2\/2020\/08\/Signet_pantone_362-e1597396876175.png","type":"image\/png"}],"twitter_card":"summary_large_image","twitter_title":"News","twitter_description":"Medienberichte und Neugikeiten. Was l\u00e4uft rund um die Kampagne Kinder- und Jugendf\u00f6rderung wirkt! im Kanton Thurgau?","twitter_image":"https:\/\/kinder-und-jugendfoerderung-wirkt.ch\/thurgau\/wp-content\/uploads\/sites\/2\/2020\/08\/Signet_pantone_362-e1597396876175.png","twitter_misc":{"Gesch\u00e4tzte Lesezeit":"1\u00a0Minute"},"schema":{"@context":"https:\/\/schema.org","@graph":[{"@type":"WebPage","@id":"https:\/\/kinder-und-jugendfoerderung-wirkt.ch\/thurgau\/aktuelles\/","url":"https:\/\/kinder-und-jugendfoerderung-wirkt.ch\/thurgau\/aktuelles\/","name":"Aktuelles - Thurgau - Kinder und Jugendf\u00f6rderung wirkt","isPartOf":{"@id":"https:\/\/kinder-und-jugendfoerderung-wirkt.ch\/thurgau\/#website"},"datePublished":"2020-07-21T13:51:51+00:00","dateModified":"2025-12-03T14:09:44+00:00","description":"Medienberichte und Neugikeiten. Was l\u00e4uft rund um die Kampagne Kinder- und Jugendf\u00f6rderung wirkt! im Kanton Thurgau?","breadcrumb":{"@id":"https:\/\/kinder-und-jugendfoerderung-wirkt.ch\/thurgau\/aktuelles\/#breadcrumb"},"inLanguage":"de-CH","potentialAction":[{"@type":"ReadAction","target":["https:\/\/kinder-und-jugendfoerderung-wirkt.ch\/thurgau\/aktuelles\/"]}]},{"@type":"BreadcrumbList","@id":"https:\/\/kinder-und-jugendfoerderung-wirkt.ch\/thurgau\/aktuelles\/#breadcrumb","itemListElement":[{"@type":"ListItem","position":1,"name":"Startseite","item":"https:\/\/kinder-und-jugendfoerderung-wirkt.ch\/thurgau\/"},{"@type":"ListItem","position":2,"name":"Aktuelles"}]},{"@type":"WebSite","@id":"https:\/\/kinder-und-jugendfoerderung-wirkt.ch\/thurgau\/#website","url":"https:\/\/kinder-und-jugendfoerderung-wirkt.ch\/thurgau\/","name":"Thurgau - Kinder und Jugendf\u00f6rderung wirkt","description":"Just another Kinder und Jugendf\u00f6rderung wirkt Sites site","potentialAction":[{"@type":"SearchAction","target":{"@type":"EntryPoint","urlTemplate":"https:\/\/kinder-und-jugendfoerderung-wirkt.ch\/thurgau\/?s={search_term_string}"},"query-input":{"@type":"PropertyValueSpecification","valueRequired":true,"valueName":"search_term_string"}}],"inLanguage":"de-CH"}]}},"_links":{"self":[{"href":"https:\/\/kinder-und-jugendfoerderung-wirkt.ch\/thurgau\/wp-json\/wp\/v2\/pages\/12","targetHints":{"allow":["GET"]}}],"collection":[{"href":"https:\/\/kinder-und-jugendfoerderung-wirkt.ch\/thurgau\/wp-json\/wp\/v2\/pages"}],"about":[{"href":"https:\/\/kinder-und-jugendfoerderung-wirkt.ch\/thurgau\/wp-json\/wp\/v2\/types\/page"}],"author":[{"embeddable":true,"href":"https:\/\/kinder-und-jugendfoerderung-wirkt.ch\/thurgau\/wp-json\/wp\/v2\/users\/1"}],"replies":[{"embeddable":true,"href":"https:\/\/kinder-und-jugendfoerderung-wirkt.ch\/thurgau\/wp-json\/wp\/v2\/comments?post=12"}],"version-history":[{"count":136,"href":"https:\/\/kinder-und-jugendfoerderung-wirkt.ch\/thurgau\/wp-json\/wp\/v2\/pages\/12\/revisions"}],"predecessor-version":[{"id":826,"href":"https:\/\/kinder-und-jugendfoerderung-wirkt.ch\/thurgau\/wp-json\/wp\/v2\/pages\/12\/revisions\/826"}],"wp:attachment":[{"href":"https:\/\/kinder-und-jugendfoerderung-wirkt.ch\/thurgau\/wp-json\/wp\/v2\/media?parent=12"}],"curies":[{"name":"wp","href":"https:\/\/api.w.org\/{rel}","templated":true}]}}